{"id":5908,"date":"2025-11-11T11:59:55","date_gmt":"2025-11-11T10:59:55","guid":{"rendered":"https:\/\/sit001.staging.360vier.net\/compagnies-dassurance\/"},"modified":"2026-03-16T16:42:44","modified_gmt":"2026-03-16T15:42:44","slug":"versicherungsgesellschaften","status":"publish","type":"page","link":"https:\/\/www.signa-terre.ch\/de\/fuer-wen\/versicherungsgesellschaften\/","title":{"rendered":"Versicherungsgesellschaften"},"content":{"rendered":"<div class=\"wuest-cover-wrapper\"><div class=\"wuest-cover-wrapper__image alignwide\" style=\"background-image:url(https:\/\/www.signa-terre.ch\/wp-content\/uploads\/iStock-2220646275-1-scaled.jpg);background-position:49% 10%\"><\/div>\n<div class=\"wp-block-cover alignwide is-style-cover-primary\" style=\"min-height:551px;aspect-ratio:unset;\"><img loading=\"lazy\" decoding=\"async\" width=\"2600\" height=\"1733\" class=\"wp-block-cover__image-background wp-image-4076 size-full\" alt=\"\" src=\"https:\/\/www.signa-terre.ch\/wp-content\/uploads\/iStock-2220646275-1-scaled.jpg\" style=\"object-position:49% 10%\" data-object-fit=\"cover\" data-object-position=\"49% 10%\" srcset=\"https:\/\/www.signa-terre.ch\/wp-content\/uploads\/iStock-2220646275-1-scaled.jpg 2600w, https:\/\/www.signa-terre.ch\/wp-content\/uploads\/iStock-2220646275-1-300x200.jpg 300w, https:\/\/www.signa-terre.ch\/wp-content\/uploads\/iStock-2220646275-1-1600x1067.jpg 1600w, https:\/\/www.signa-terre.ch\/wp-content\/uploads\/iStock-2220646275-1-768x512.jpg 768w, https:\/\/www.signa-terre.ch\/wp-content\/uploads\/iStock-2220646275-1-1536x1024.jpg 1536w, https:\/\/www.signa-terre.ch\/wp-content\/uploads\/iStock-2220646275-1-2048x1365.jpg 2048w\" sizes=\"auto, (max-width: 2600px) 100vw, 2600px\" \/><span aria-hidden=\"true\" class=\"wp-block-cover__background has-background-dim-0 has-background-dim\"><\/span><div class=\"wp-block-cover__inner-container is-layout-constrained wp-block-cover-is-layout-constrained\">\n<div class=\"wp-block-columns is-layout-flex wp-container-core-columns-is-layout-9d6595d7 wp-block-columns-is-layout-flex\">\n<div class=\"wp-block-column is-vertically-aligned-center is-layout-flow wp-block-column-is-layout-flow\" style=\"flex-basis:40%\">\n<h1 class=\"wp-block-heading is-style-cover-primary is-style-default has-black-color has-text-color has-link-color wp-elements-6e686478f9ee6d16625f0714ad3be59b\">Versicherungsgesellschaften<\/h1>\n\n\n\n<p><mark style=\"background-color:rgba(0, 0, 0, 0)\" class=\"has-inline-color has-black-color\">Nutzen Sie fundierte Energieanalysen und strukturierte Massnahmenpl\u00e4ne, um die Energieeffizienz Ihrer Geb\u00e4ude gezielt zu verbessern. Reduzieren Sie CO\u2082-Emissionen, st\u00e4rken Sie den langfristigen Bestandswert Ihrer Immobilien und sichern Sie die Einhaltung relevanter Umweltstandards.<br><\/mark><\/p>\n<\/div>\n\n\n\n<div class=\"wp-block-column is-layout-flow wp-block-column-is-layout-flow\"><\/div>\n<\/div>\n<\/div><\/div>\n<\/div>\n\n\n<div style=\"height:80px\" aria-hidden=\"true\" class=\"wp-block-spacer\"><\/div>\n\n\n\n<h2 class=\"wp-block-heading\"><mark style=\"background-color:rgba(0, 0, 0, 0)\" class=\"has-inline-color has-black-color\">Ihre Anforderungen<\/mark><\/h2>\n\n\n\n<div class=\"wp-block-columns is-layout-flex wp-container-core-columns-is-layout-9d6595d7 wp-block-columns-is-layout-flex\">\n<div class=\"wp-block-column is-layout-flow wp-block-column-is-layout-flow\">\n<ul class=\"wp-block-list is-style-tick-list\">\n<li class=\"has-heading-4-font-size\"><mark style=\"background-color:rgba(0, 0, 0, 0)\" class=\"has-inline-color has-black-color\">Reduktion finanzieller und operativer Risiken im Kontext der Energietransition<\/mark><\/li>\n\n\n\n<li class=\"has-heading-4-font-size\"><mark style=\"background-color:rgba(0, 0, 0, 0)\" class=\"has-inline-color has-black-color\">Transparente Energieperformance Ihres Liegenschaftsportfolios durch zertifizierte Datenerhebung<\/mark><\/li>\n\n\n\n<li class=\"has-heading-4-font-size\"><mark style=\"background-color:rgba(0, 0, 0, 0)\" class=\"has-inline-color has-black-color\">Strategische Planung Ihrer Renovationen und Investitionen<\/mark><\/li>\n\n\n\n<li class=\"has-heading-4-font-size\"><mark style=\"background-color:rgba(0, 0, 0, 0)\" class=\"has-inline-color has-black-color\">Aussch\u00f6pfung von Solarpotenzialen und Verdichtungspotenzialen zur Wertsteigerung Ihrer Liegenschaften<\/mark><\/li>\n<\/ul>\n<\/div>\n\n\n\n<div class=\"wp-block-column is-layout-flow wp-block-column-is-layout-flow\">\n<ul class=\"wp-block-list is-style-tick-list\">\n<li class=\"has-heading-4-font-size\"><mark style=\"background-color:rgba(0, 0, 0, 0)\" class=\"has-inline-color has-black-color\">Integration von ESG-Kriterien in Ihre Immobilienstrategie<\/mark><\/li>\n\n\n\n<li class=\"has-heading-4-font-size\"><mark style=\"background-color:rgba(0, 0, 0, 0)\" class=\"has-inline-color has-black-color\">Automatisiertes Reporting nach g\u00e4ngigen Marktstandards (GRESB, AMAS, REIDA)<\/mark><\/li>\n\n\n\n<li class=\"has-heading-4-font-size\"><mark style=\"background-color:rgba(0, 0, 0, 0)\" class=\"has-inline-color has-black-color\">Kontinuierliches KPI-Monitoring und Benchmarking im Marktvergleich<\/mark><\/li>\n<\/ul>\n<\/div>\n<\/div>\n\n\n\n<div style=\"height:10px\" aria-hidden=\"true\" class=\"wp-block-spacer\"><\/div>\n\n\n\n<h2 class=\"wp-block-heading\"><mark style=\"background-color:rgba(0, 0, 0, 0)\" class=\"has-inline-color has-black-color\">L\u00f6sungen f\u00fcr Ihre Anforderungen<\/mark><\/h2>\n\n\n\t\t<div class=\"wp-block-wuest-service-selection alignwide\">\n\t\t\t<div class=\"wp-block-wuest-service-selection__grid\">\n\t\t\t\t\t\t\t\t\t\t\t\t\t\t\t\t\t\t\t<a href=\"https:\/\/www.signa-terre.ch\/de\/services\/energieueberwachung-eigentuemer\/\"\n\t\t\t\t\t   class=\"wp-block-wuest-service-selection__item\">\n\t\t\t\t\t\t<div class=\"wp-block-wuest-service-selection__title\">\n\t\t\t\t\t\t\tEnergie\u00fcberwachung\t\t\t\t\t\t<\/div>\n\t\t\t\t\t\t\t\t\t\t\t\t\t<div class=\"wp-block-wuest-service-selection__icon\">\n\t\t\t\t\t\t\t\t\t\t\t\t\t\t\t\t\t<img decoding=\"async\" src=\"https:\/\/www.signa-terre.ch\/wp-content\/uploads\/1-SurveillanceEtReportingEnergieSolaire.png\"\n\t\t\t\t\t\t\t\t\t\t alt=\"Energie\u00fcberwachung\" \/>\n\t\t\t\t\t\t\t\t\t\t\t\t\t\t\t<\/div>\n\t\t\t\t\t\t\t\t\t\t\t<\/a>\n\t\t\t\t\t\t\t\t\t\t\t\t\t\t\t\t\t\t\t<a href=\"https:\/\/www.signa-terre.ch\/de\/services\/gebaeudezustand-und-digitalisierung-eigentuemer\/\"\n\t\t\t\t\t   class=\"wp-block-wuest-service-selection__item\">\n\t\t\t\t\t\t<div class=\"wp-block-wuest-service-selection__title\">\n\t\t\t\t\t\t\tGeb\u00e4udezustand und Digitalisierung\t\t\t\t\t\t<\/div>\n\t\t\t\t\t\t\t\t\t\t\t<\/a>\n\t\t\t\t\t\t\t\t\t\t\t\t\t\t\t\t\t\t\t<a href=\"https:\/\/www.signa-terre.ch\/de\/services\/energieaudit-eigentuemer\/\"\n\t\t\t\t\t   class=\"wp-block-wuest-service-selection__item\">\n\t\t\t\t\t\t<div class=\"wp-block-wuest-service-selection__title\">\n\t\t\t\t\t\t\tEnergieaudit\t\t\t\t\t\t<\/div>\n\t\t\t\t\t\t\t\t\t\t\t\t\t<div class=\"wp-block-wuest-service-selection__icon\">\n\t\t\t\t\t\t\t\t\t\t\t\t\t\t\t\t\t<img decoding=\"async\" src=\"https:\/\/www.signa-terre.ch\/wp-content\/uploads\/4-Audit.png\"\n\t\t\t\t\t\t\t\t\t\t alt=\"Energieaudit\" \/>\n\t\t\t\t\t\t\t\t\t\t\t\t\t\t\t<\/div>\n\t\t\t\t\t\t\t\t\t\t\t<\/a>\n\t\t\t\t\t\t\t\t\t\t\t\t\t\t\t\t\t\t\t<a href=\"https:\/\/www.signa-terre.ch\/de\/services\/digitale-loesungen-eigentuemer\/\"\n\t\t\t\t\t   class=\"wp-block-wuest-service-selection__item\">\n\t\t\t\t\t\t<div class=\"wp-block-wuest-service-selection__title\">\n\t\t\t\t\t\t\tDigitale L\u00f6sungen\t\t\t\t\t\t<\/div>\n\t\t\t\t\t\t\t\t\t\t\t<\/a>\n\t\t\t\t\t\t\t\t\t\t\t\t\t\t\t\t\t\t\t<a href=\"https:\/\/www.signa-terre.ch\/de\/services\/schulungen-eigentuemer\/\"\n\t\t\t\t\t   class=\"wp-block-wuest-service-selection__item\">\n\t\t\t\t\t\t<div class=\"wp-block-wuest-service-selection__title\">\n\t\t\t\t\t\t\tSchulungen\t\t\t\t\t\t<\/div>\n\t\t\t\t\t\t\t\t\t\t\t\t\t<div class=\"wp-block-wuest-service-selection__icon\">\n\t\t\t\t\t\t\t\t\t\t\t\t\t\t\t\t\t<img decoding=\"async\" src=\"https:\/\/www.signa-terre.ch\/wp-content\/uploads\/6-SignAcademy-logo.png\"\n\t\t\t\t\t\t\t\t\t\t alt=\"Schulungen\" \/>\n\t\t\t\t\t\t\t\t\t\t\t\t\t\t\t<\/div>\n\t\t\t\t\t\t\t\t\t\t\t<\/a>\n\t\t\t\t\t\t\t<\/div>\n\t\t<\/div>\n\t\t\n\n\n<div style=\"height:80px\" aria-hidden=\"true\" class=\"wp-block-spacer\"><\/div>\n\n\n\n<div class=\"wp-block-cover alignwide\" style=\"min-height:400px;aspect-ratio:unset;\"><img loading=\"lazy\" decoding=\"async\" width=\"1920\" height=\"1272\" class=\"wp-block-cover__image-background wp-image-2309 size-full\" alt=\"\" src=\"https:\/\/www.signa-terre.ch\/wp-content\/uploads\/Signa-Terre-Moderne-Glasfassade-mit-Himmelreflexion.webp\" data-object-fit=\"cover\" srcset=\"https:\/\/www.signa-terre.ch\/wp-content\/uploads\/Signa-Terre-Moderne-Glasfassade-mit-Himmelreflexion.webp 1920w, https:\/\/www.signa-terre.ch\/wp-content\/uploads\/Signa-Terre-Moderne-Glasfassade-mit-Himmelreflexion-300x199.webp 300w, https:\/\/www.signa-terre.ch\/wp-content\/uploads\/Signa-Terre-Moderne-Glasfassade-mit-Himmelreflexion-1600x1060.webp 1600w, https:\/\/www.signa-terre.ch\/wp-content\/uploads\/Signa-Terre-Moderne-Glasfassade-mit-Himmelreflexion-768x509.webp 768w, https:\/\/www.signa-terre.ch\/wp-content\/uploads\/Signa-Terre-Moderne-Glasfassade-mit-Himmelreflexion-1536x1018.webp 1536w\" sizes=\"auto, (max-width: 1920px) 100vw, 1920px\" \/><span aria-hidden=\"true\" class=\"wp-block-cover__background has-black-background-color has-background-dim-30 has-background-dim\"><\/span><div class=\"wp-block-cover__inner-container is-layout-constrained wp-block-cover-is-layout-constrained\">\n<h2 class=\"wp-block-heading has-text-align-center is-style-default\"><mark style=\"background-color:rgba(0, 0, 0, 0)\" class=\"has-inline-color has-white-color\">F\u00fcr eine pers\u00f6nliche Beratung sind wir gerne f\u00fcr Sie da<\/mark><\/h2>\n\n\n\n<div class=\"wp-block-buttons is-content-justification-center is-layout-flex wp-container-core-buttons-is-layout-16018d1d wp-block-buttons-is-layout-flex\">\n<div class=\"wp-block-button is-style-primary\"><a class=\"wp-block-button__link has-white-color has-coral-background-color has-text-color has-background has-link-color wp-element-button\" href=\"https:\/\/www.signa-terre.ch\/de\/contact\/\" style=\"border-radius:0px\">Zum KONTAKTFORMULAR<\/a><\/div>\n<\/div>\n<\/div><\/div>\n","protected":false},"excerpt":{"rendered":"<p>Ihre Anforderungen L\u00f6sungen f\u00fcr Ihre Anforderungen<\/p>\n","protected":false},"author":51,"featured_media":0,"parent":5917,"menu_order":7,"comment_status":"closed","ping_status":"closed","template":"","meta":{"_acf_changed":false,"_wuest_carousel_arrow_color":"coral","footnotes":""},"categories":[],"class_list":["post-5908","page","type-page","status-publish","hentry"],"authorship":[40],"acf":[],"_links":{"self":[{"href":"https:\/\/www.signa-terre.ch\/de\/wp-json\/wp\/v2\/pages\/5908","targetHints":{"allow":["GET"]}}],"collection":[{"href":"https:\/\/www.signa-terre.ch\/de\/wp-json\/wp\/v2\/pages"}],"about":[{"href":"https:\/\/www.signa-terre.ch\/de\/wp-json\/wp\/v2\/types\/page"}],"author":[{"embeddable":true,"href":"https:\/\/www.signa-terre.ch\/de\/wp-json\/wp\/v2\/users\/51"}],"replies":[{"embeddable":true,"href":"https:\/\/www.signa-terre.ch\/de\/wp-json\/wp\/v2\/comments?post=5908"}],"version-history":[{"count":4,"href":"https:\/\/www.signa-terre.ch\/de\/wp-json\/wp\/v2\/pages\/5908\/revisions"}],"predecessor-version":[{"id":7023,"href":"https:\/\/www.signa-terre.ch\/de\/wp-json\/wp\/v2\/pages\/5908\/revisions\/7023"}],"up":[{"embeddable":true,"href":"https:\/\/www.signa-terre.ch\/de\/wp-json\/wp\/v2\/pages\/5917"}],"wp:authorship":[{"embeddable":true,"href":"https:\/\/www.signa-terre.ch\/de\/wp-json\/wp\/v2\/users\/40"}],"wp:attachment":[{"href":"https:\/\/www.signa-terre.ch\/de\/wp-json\/wp\/v2\/media?parent=5908"}],"wp:term":[{"taxonomy":"category","embeddable":true,"href":"https:\/\/www.signa-terre.ch\/de\/wp-json\/wp\/v2\/categories?post=5908"}],"curies":[{"name":"wp","href":"https:\/\/api.w.org\/{rel}","templated":true}]}}